{"id":819,"date":"2018-08-01T10:45:05","date_gmt":"2018-08-01T10:45:05","guid":{"rendered":"https:\/\/szokepnyomda.hu\/?page_id=819"},"modified":"2021-12-20T09:04:47","modified_gmt":"2021-12-20T09:04:47","slug":"adatkezelesi-tajekoztato","status":"publish","type":"page","link":"https:\/\/szokepnyomda.hu\/en\/adatkezelesi-tajekoztato\/","title":{"rendered":"Privacy Policy"},"content":{"rendered":"<section class=\"wpb-content-wrapper\"><div class=\"vc_row wpb_row vc_row-fluid\"><div class=\"wpb_column vc_column_container vc_col-sm-12 sc_layouts_column_icons_position_left\"><div class=\"vc_column-inner\"><div class=\"wpb_wrapper\"><div class=\"vc_empty_space\"   style=\"height: 4em\"><span class=\"vc_empty_space_inner\"><\/span><\/div>\n\t<div class=\"wpb_text_column wpb_content_element\" >\n\t\t<div class=\"wpb_wrapper\">\n\t\t\t<p>Jelen Adatkezel\u00e9si Nyilatkozat c\u00e9lja, hogy a weboldal felhaszn\u00e1l\u00f3i \u00e1ltal, az oldal haszn\u00e1lata sor\u00e1n megadott \u00e9s a weboldal \u00fczemeltet\u0151i (<strong>Sz\u00f3-K\u00e9p Nyomdaipari Kft.<\/strong>) sz\u00e1m\u00e1ra kezelt szem\u00e9lyes adatok \u00e9s egy\u00e9b adatok kezel\u00e9s\u00e9re vonatkoz\u00f3 elveket \u00e9s szab\u00e1lyokat meghat\u00e1rozza.<\/p>\n<p>\u200bA jelen adatkezel\u00e9si szab\u00e1lyzat a szokepnyomda.hu weboldalon a l\u00e1togat\u00f3k \u00e1ltal \u00f6nk\u00e9ntes hozz\u00e1j\u00e1rul\u00e1ssal megadott, \u00e1raj\u00e1nlatk\u00e9r\u00e9shez sz\u00fcks\u00e9ges kapcsolat felv\u00e9teli adatokat jelenti. A szem\u00e9lyes adatok kezel\u00e9s\u00e9t az al\u00e1bbi alapelvek betart\u00e1sa mellett v\u00e9gzi:<\/p>\n<ol>\n<li>i) Szem\u00e9lyes adat kiz\u00e1r\u00f3lag meghat\u00e1rozott c\u00e9lb\u00f3l, jog gyakorl\u00e1sa \u00e9s k\u00f6telezetts\u00e9g teljes\u00edt\u00e9se \u00e9rdek\u00e9ben kezelhet\u0151. Az adatkezel\u00e9snek minden szakasz\u00e1ban meg kell felelnie az adatkezel\u00e9s c\u00e9lj\u00e1nak, az adatok felv\u00e9tel\u00e9nek \u00e9s kezel\u00e9s\u00e9nek tisztess\u00e9gesnek \u00e9s t\u00f6rv\u00e9nyesnek kell lennie.<\/li>\n<li>ii) Csak olyan szem\u00e9lyes adat kezelhet\u0151, amely az adatkezel\u00e9s c\u00e9lj\u00e1nak megval\u00f3sul\u00e1s\u00e1hoz elengedhetetlen, a c\u00e9l el\u00e9r\u00e9s\u00e9re alkalmas. A szem\u00e9lyes adat csak a c\u00e9l megval\u00f3sul\u00e1s\u00e1hoz sz\u00fcks\u00e9ges m\u00e9rt\u00e9kben \u00e9s ideig kezelhet\u0151.<\/li>\n<\/ol>\n<p>iii) A szem\u00e9lyes adat az adatkezel\u00e9s sor\u00e1n mindaddig meg\u0151rzi e min\u0151s\u00e9g\u00e9t, am\u00edg kapcsolata az \u00e9rintettel helyre\u00e1ll\u00edthat\u00f3. Az \u00e9rintettel akkor helyre\u00e1ll\u00edthat\u00f3 a kapcsolat, ha az adatkezel\u0151 rendelkezik azokkal a technikai felt\u00e9telekkel, amelyek a helyre\u00e1ll\u00edt\u00e1shoz sz\u00fcks\u00e9gesek.<\/p>\n<ol>\n<li>iv) Az adatkezel\u00e9s sor\u00e1n biztos\u00edtani kell az adatok pontoss\u00e1g\u00e1t, teljess\u00e9g\u00e9t \u00e9s &#8211; ha az adatkezel\u00e9s c\u00e9lj\u00e1ra tekintettel sz\u00fcks\u00e9ges &#8211; naprak\u00e9szs\u00e9g\u00e9t, valamint azt, hogy az \u00e9rintettet csak az adatkezel\u00e9s c\u00e9lj\u00e1hoz sz\u00fcks\u00e9ges ideig lehessen azonos\u00edtani.<\/li>\n<li><strong> \u00c1LTAL\u00c1NOS RENDELKEZ\u00c9SEK<\/strong><\/li>\n<\/ol>\n<p>Az adatkezel\u0151 megnevez\u00e9se: Sz\u00f3-K\u00e9p Nyomdaipari Kft. (tov\u00e1bbiakban: Adatkezel\u0151)<\/p>\n<p>Az adatkezel\u0151 c\u00edme: 1158 Budapest, K\u00e9sm\u00e1rk utca 24.<\/p>\n<p>Az adatkezel\u0151 el\u00e9rhet\u0151s\u00e9gei:<\/p>\n<p>email: szokep@szokep.hu<\/p>\n<p>tel: +36 1\u00a0410 2504<\/p>\n<p>honlap: szokepnyomda.hu<\/p>\n<p>Az adatkezel\u00e9s jogalapja: az inform\u00e1ci\u00f3s \u00f6nrendelkez\u00e9si jogr\u00f3l \u00e9s az inform\u00e1ci\u00f3szabads\u00e1gr\u00f3l sz\u00f3l\u00f3 2011. \u00e9vi CXII. t\u00f6rv\u00e9ny 5. \u00a7 (1) bekezd\u00e9s a) pontja alapj\u00e1n az \u00e9rintett hozz\u00e1j\u00e1rul\u00e1sa.<\/p>\n<ol start=\"2\">\n<li><strong> A KEZELT SZEM\u00c9LYES ADATOK K\u00d6RE A WEBOLDAL L\u00c1TOGAT\u00c1S SOR\u00c1N:<\/strong><\/li>\n<\/ol>\n<p><strong>2.1 Aj\u00e1nlatk\u00e9r\u00e9s<\/strong><\/p>\n<p>A felhaszn\u00e1l\u00f3 \u00f6nk\u00e9ntes adatszolg\u00e1ltat\u00e1s sor\u00e1n az al\u00e1bbi adatokat adhatja meg (\u00f6nk\u00e9ntes alapon, azonban az \u00e1raj\u00e1nlatk\u00e9r\u00e9shez elengedhetetlen) a <a href=\"https:\/\/szokepnyomda.hu\/en\/ajanlatkeres\/\">https:\/\/szokepnyomda.hu\/ajanlatkeres\/<\/a> \u00a0oldalon tal\u00e1lhat\u00f3 \u00c1raj\u00e1nlat \u0171rlap ig\u00e9nybev\u00e9tel\u00e9vel:<\/p>\n<p><strong>Adatkezel\u00e9s c\u00e9lja: <\/strong>aj\u00e1nlatk\u00e9r\u00e9s eset\u00e9n az \u0171rlap seg\u00edts\u00e9g\u00e9vel kit\u00f6lt\u00f6tt adatokat nyomdai rendszer\u00fcnkben r\u00f6gz\u00edtj\u00fck aj\u00e1nlatk\u00e9sz\u00edt\u00e9s, valamint kapcsolattart\u00e1s c\u00e9lj\u00e1b\u00f3l<\/p>\n<p><strong>Kezelt adatok k\u00f6re:<\/strong> n\u00e9v, c\u00e9gn\u00e9v, email c\u00edm, telefonsz\u00e1m<\/p>\n<p><strong>Adatkezel\u00e9s jogalapja:<\/strong> a GDPR 6. cikk (1) bek. a) pontja szerinti \u00e9rintetti hozz\u00e1j\u00e1rul\u00e1s<\/p>\n<p><strong>Adatt\u00e1rol\u00e1s hat\u00e1rideje:<\/strong> az adatokat korl\u00e1tlan ideig t\u00e1roljuk, k\u00e9r\u00e9s eset\u00e9n t\u00f6r\u00f6lhet\u0151<\/p>\n<p><strong>Adatt\u00e1rol\u00e1s m\u00f3dja: <\/strong>elektronikus<\/p>\n<p>Automatiz\u00e1lt d\u00f6nt\u00e9shozatal \u00e9s profilalkot\u00e1s nem t\u00f6rt\u00e9nik az adatkezel\u00e9s sor\u00e1n.<\/p>\n<p><strong>Adatfeldolgoz\u00f3k:<\/strong> INTEGRITY Kft. &#8211; 1132 Budapest, Victor Hugo u. 18-22. <a href=\"mailto:office@integrity.hu\">office@integrity.hu<\/a> ,+36-1-450-2660<\/p>\n<p><strong>2.2 H\u00edrlev\u00e9l feliratkoz\u00e1s<\/strong><\/p>\n<p>A felhaszn\u00e1l\u00f3 ig\u00e9ny eset\u00e9n a Sz\u00f3-K\u00e9p Nyomda h\u00edrlevel\u00e9re feltud iratkozni email c\u00edme megad\u00e1s\u00e1val. A h\u00edrlevelek a k\u00fcl\u00f6nb\u00f6z\u0151 aktualit\u00e1sok, h\u00edrek, t\u00e9mak\u00f6r\u00f6k \u00e9s egy\u00e9b t\u00e1j\u00e9koztat\u00e1son k\u00edv\u00fcl gazdas\u00e1gi rekl\u00e1mot is tartalmazhatnak szem\u00e9lyre szabva.<\/p>\n<p><strong>Kezelt adatok k\u00f6re:<\/strong> e-mail c\u00edm, n\u00e9v\/c\u00e9gn\u00e9v, nyelv, hozz\u00e1j\u00e1rul\u00e1s megad\u00e1s\u00e1nak id\u0151pontja, utols\u00f3 m\u00f3dos\u00edt\u00e1s id\u0151pontja, r\u00f6gz\u00edt\u00e9s m\u00f3dja<\/p>\n<p><strong>Adatkezel\u00e9s jogalapja:<\/strong> a GDPR 6. cikk (1) bek. a) pontja szerinti \u00e9rintetti hozz\u00e1j\u00e1rul\u00e1s<\/p>\n<p><strong>Adatt\u00e1rol\u00e1s hat\u00e1rideje:<\/strong> a h\u00edrlev\u00e9lszolg\u00e1ltat\u00e1s \u00fczemeltet\u00e9s\u00e9nek v\u00e9g\u00e9ig, de amennyiben az \u00e9rintett k\u00e9ri adatai t\u00f6rl\u00e9s\u00e9t (leiratkozik a h\u00edrlev\u00e9lr\u0151l), \u00fagy a t\u00f6rl\u00e9si k\u00e9relm\u00e9t k\u00f6vet\u0151en azonnal<\/p>\n<p><strong>Adatt\u00e1rol\u00e1s m\u00f3dja: <\/strong>elektronikus<\/p>\n<p>Automatiz\u00e1lt d\u00f6nt\u00e9shozatal \u00e9s profilalkot\u00e1s nem t\u00f6rt\u00e9nik az adatkezel\u00e9s sor\u00e1n.<\/p>\n<p><strong>Adatfeldolgoz\u00f3k:<\/strong> MailChimp<\/p>\n<p>T\u00e1j\u00e9koztatjuk az \u00e9rintetteket, hogy a T\u00e1rsas\u00e1g a MailChimp nev\u0171 szolg\u00e1ltat\u00e1st \u00fczemeltet\u0151, USA-beli sz\u00e9khellyel rendelkez\u0151 Rocket Science Group LLC elnevez\u00e9s\u0171 adatfeldolgoz\u00f3val k\u00f6t\u00f6tt szerz\u0151d\u00e9st a h\u00edrlev\u00e9l k\u00fcld\u00e9s kapcs\u00e1n. A MailChimp a EU-US Privacy Shield al\u00e1 tartoz\u00f3 v\u00e1llalkoz\u00e1s, amely v\u00e1llalta, hogy megfelel a GDPR el\u0151\u00edr\u00e1sainak. A MailChimp haszn\u00e1lat\u00e1nak adatv\u00e9delmi szab\u00e1lyai az al\u00e1bbi el\u00e9rhet\u0151s\u00e9gen ismerhet\u0151k meg:<\/p>\n<p><a href=\"https:\/\/mailchimp.com\/legal\/privacy\/\">https:\/\/mailchimp.com\/legal\/privacy\/<\/a><\/p>\n<p><a href=\"https:\/\/mailchimp.com\/legal\/terms\/\">https:\/\/mailchimp.com\/legal\/terms\/<\/a><\/p>\n<ol start=\"3\">\n<li><strong> AZ \u00c9RINTETTEK JOGAI:<\/strong><\/li>\n<\/ol>\n<p>Az \u00e9rintett k\u00e9relmezheti az Adatkezel\u0151n\u00e9l<br \/>\na) t\u00e1j\u00e9koztat\u00e1s\u00e1t szem\u00e9lyes adatai kezel\u00e9s\u00e9r\u0151l,<br \/>\nb) szem\u00e9lyes adatainak helyesb\u00edt\u00e9s\u00e9t, valamint<br \/>\nc) szem\u00e9lyes adatainak &#8211; a k\u00f6telez\u0151 adatkezel\u00e9s kiv\u00e9tel\u00e9vel &#8211; t\u00f6rl\u00e9s\u00e9t vagy z\u00e1rol\u00e1s\u00e1t.<br \/>\nAz \u00e9rintett k\u00e9relm\u00e9re az Adatkezel\u0151 t\u00e1j\u00e9koztat\u00e1st ad az \u00e9rintett \u00e1ltala kezelt, illetve az \u00e1ltala vagy rendelkez\u00e9se szerint megb\u00edzott adatfeldolgoz\u00f3 \u00e1ltal feldolgozott adatair\u00f3l, azok forr\u00e1s\u00e1r\u00f3l, az adatkezel\u00e9s c\u00e9lj\u00e1r\u00f3l, jogalapj\u00e1r\u00f3l, id\u0151tartam\u00e1r\u00f3l, az adatfeldolgoz\u00f3 nev\u00e9r\u0151l, c\u00edm\u00e9r\u0151l \u00e9s az adatkezel\u00e9ssel \u00f6sszef\u00fcgg\u0151 tev\u00e9kenys\u00e9g\u00e9r\u0151l, az adatv\u00e9delmi incidens k\u00f6r\u00fclm\u00e9nyeir\u0151l, hat\u00e1sair\u00f3l \u00e9s az elh\u00e1r\u00edt\u00e1s\u00e1ra megtett int\u00e9zked\u00e9sekr\u0151l, tov\u00e1bb\u00e1 &#8211; az \u00e9rintett szem\u00e9lyes adatainak tov\u00e1bb\u00edt\u00e1sa eset\u00e9n &#8211; az adattov\u00e1bb\u00edt\u00e1s jogalapj\u00e1r\u00f3l \u00e9s c\u00edmzettj\u00e9r\u0151l.<\/p>\n<p>Az Adatkezel\u0151 &#8211; ha bels\u0151 adatv\u00e9delmi felel\u0151ssel rendelkezik, a bels\u0151 adatv\u00e9delmi felel\u0151s \u00fatj\u00e1n &#8211; az adatv\u00e9delmi incidenssel kapcsolatos int\u00e9zked\u00e9sek ellen\u0151rz\u00e9se, valamint az \u00e9rintett t\u00e1j\u00e9koztat\u00e1sa c\u00e9lj\u00e1b\u00f3l nyilv\u00e1ntart\u00e1st vezet, amely tartalmazza az \u00e9rintett szem\u00e9lyes adatok k\u00f6r\u00e9t, az adatv\u00e9delmi incidenssel \u00e9rintettek k\u00f6r\u00e9t \u00e9s sz\u00e1m\u00e1t, az adatv\u00e9delmi incidens id\u0151pontj\u00e1t, k\u00f6r\u00fclm\u00e9nyeit, hat\u00e1sait \u00e9s az elh\u00e1r\u00edt\u00e1s\u00e1ra megtett int\u00e9zked\u00e9seket, valamint az adatkezel\u00e9st el\u0151\u00edr\u00f3 jogszab\u00e1lyban meghat\u00e1rozott egy\u00e9b adatokat.<br \/>\nAz Adatkezel\u0151 k\u00f6teles a k\u00e9relem beny\u00fajt\u00e1s\u00e1t\u00f3l sz\u00e1m\u00edtott legr\u00f6videbb id\u0151 alatt, legfeljebb azonban 25 napon bel\u00fcl, k\u00f6z\u00e9rthet\u0151 form\u00e1ban, az \u00e9rintett erre ir\u00e1nyul\u00f3 k\u00e9relm\u00e9re \u00edr\u00e1sban megadni a t\u00e1j\u00e9koztat\u00e1st.<br \/>\nA t\u00e1j\u00e9koztat\u00e1s ingyenes, ha a t\u00e1j\u00e9koztat\u00e1st k\u00e9r\u0151 a foly\u00f3 \u00e9vben azonos adatk\u00f6rre vonatkoz\u00f3 t\u00e1j\u00e9koztat\u00e1si k\u00e9relmet az Adatkezel\u0151h\u00f6z m\u00e9g nem ny\u00fajtott be. Egy\u00e9b esetekben az Adatkezel\u0151 k\u00f6lts\u00e9gt\u00e9r\u00edt\u00e9st \u00e1llap\u00edthat meg.<\/p>\n<p>Az Adatkezel\u0151 a szem\u00e9lyes adatot t\u00f6rli, ha<br \/>\ni) kezel\u00e9se jogellenes;<br \/>\nii) az \u00e9rintett k\u00e9ri;<br \/>\niii) az hi\u00e1nyos vagy t\u00e9ves &#8211; \u00e9s ez az \u00e1llapot jogszer\u0171en nem orvosolhat\u00f3 -, felt\u00e9ve, hogy a t\u00f6rl\u00e9st t\u00f6rv\u00e9ny nem z\u00e1rja ki;<br \/>\niv) az adatkezel\u00e9s c\u00e9lja megsz\u0171nt, vagy az adatok t\u00e1rol\u00e1s\u00e1nak t\u00f6rv\u00e9nyben meghat\u00e1rozott hat\u00e1rideje lej\u00e1rt;<br \/>\nv) azt a b\u00edr\u00f3s\u00e1g vagy a Hat\u00f3s\u00e1g elrendelte.<\/p>\n<p>A helyesb\u00edt\u00e9sr\u0151l, a z\u00e1rol\u00e1sr\u00f3l, a megjel\u00f6l\u00e9sr\u0151l \u00e9s a t\u00f6rl\u00e9sr\u0151l az \u00e9rintettet, tov\u00e1bb\u00e1 mindazokat \u00e9rtes\u00edteni kell, akiknek kor\u00e1bban az adatot adatkezel\u00e9s c\u00e9lj\u00e1ra tov\u00e1bb\u00edtott\u00e1k. Az \u00e9rtes\u00edt\u00e9s mell\u0151zhet\u0151, ha ez az adatkezel\u00e9s c\u00e9lj\u00e1ra val\u00f3 tekintettel az \u00e9rintett jogos \u00e9rdek\u00e9t nem s\u00e9rti.<\/p>\n<p>Ha az Adatkezel\u0151 az \u00e9rintett helyesb\u00edt\u00e9s, z\u00e1rol\u00e1s vagy t\u00f6rl\u00e9s ir\u00e1nti k\u00e9relm\u00e9t nem teljes\u00edti, a k\u00e9relem k\u00e9zhezv\u00e9tel\u00e9t k\u00f6vet\u0151 30 napon bel\u00fcl \u00edr\u00e1sban vagy az \u00e9rintett hozz\u00e1j\u00e1rul\u00e1s\u00e1val elektronikus \u00faton k\u00f6zli a helyesb\u00edt\u00e9s, z\u00e1rol\u00e1s vagy t\u00f6rl\u00e9s ir\u00e1nti k\u00e9relem elutas\u00edt\u00e1s\u00e1nak t\u00e9nybeli \u00e9s jogi indokait. A helyesb\u00edt\u00e9s, t\u00f6rl\u00e9s vagy z\u00e1rol\u00e1s ir\u00e1nti k\u00e9relem elutas\u00edt\u00e1sa eset\u00e9n az Adatkezel\u0151 t\u00e1j\u00e9koztatja az \u00e9rintettet a b\u00edr\u00f3s\u00e1gi jogorvoslat, tov\u00e1bb\u00e1 a Hat\u00f3s\u00e1ghoz fordul\u00e1s lehet\u0151s\u00e9g\u00e9r\u0151l.<\/p>\n<ol start=\"4\">\n<li><strong> TILTAKOZ\u00c1S A SZEM\u00c9LYES ADATOK KEZEL\u00c9SE ELLEN:<\/strong><\/li>\n<\/ol>\n<p>Az \u00e9rintett tiltakozhat szem\u00e9lyes adat\u00e1nak kezel\u00e9se ellen,<br \/>\na) ha a szem\u00e9lyes adatok kezel\u00e9se vagy tov\u00e1bb\u00edt\u00e1sa kiz\u00e1r\u00f3lag az Adatkezel\u0151re vonatkoz\u00f3 jogi k\u00f6telezetts\u00e9g teljes\u00edt\u00e9s\u00e9hez vagy az Adatkezel\u0151, adat\u00e1tvev\u0151 vagy harmadik szem\u00e9ly jogos \u00e9rdek\u00e9nek \u00e9rv\u00e9nyes\u00edt\u00e9s\u00e9hez sz\u00fcks\u00e9ges, kiv\u00e9ve k\u00f6telez\u0151 adatkezel\u00e9s eset\u00e9n;<br \/>\nb) ha a szem\u00e9lyes adat felhaszn\u00e1l\u00e1sa vagy tov\u00e1bb\u00edt\u00e1sa k\u00f6zvetlen \u00fczletszerz\u00e9s, k\u00f6zv\u00e9lem\u00e9ny-kutat\u00e1s vagy tudom\u00e1nyos kutat\u00e1s c\u00e9lj\u00e1ra t\u00f6rt\u00e9nik; valamint<br \/>\nc) t\u00f6rv\u00e9nyben meghat\u00e1rozott egy\u00e9b esetben.<\/p>\n<p>Az Adatkezel\u0151 a tiltakoz\u00e1st a k\u00e9relem beny\u00fajt\u00e1s\u00e1t\u00f3l sz\u00e1m\u00edtott legr\u00f6videbb id\u0151n bel\u00fcl, de legfeljebb 15 napon bel\u00fcl megvizsg\u00e1lja, annak megalapozotts\u00e1ga k\u00e9rd\u00e9s\u00e9ben d\u00f6nt\u00e9st hoz, \u00e9s d\u00f6nt\u00e9s\u00e9r\u0151l a k\u00e9relmez\u0151t \u00edr\u00e1sban t\u00e1j\u00e9koztatja.<\/p>\n<p>Ha az Adatkezel\u0151 az \u00e9rintett tiltakoz\u00e1s\u00e1nak megalapozotts\u00e1g\u00e1t meg\u00e1llap\u00edtja, az adatkezel\u00e9st &#8211; bele\u00e9rtve a tov\u00e1bbi adatfelv\u00e9telt \u00e9s adattov\u00e1bb\u00edt\u00e1st is &#8211; megsz\u00fcnteti, \u00e9s az adatokat z\u00e1rolja, valamint a tiltakoz\u00e1sr\u00f3l, tov\u00e1bb\u00e1 az annak alapj\u00e1n tett int\u00e9zked\u00e9sekr\u0151l \u00e9rtes\u00edti mindazokat, akik r\u00e9sz\u00e9re a tiltakoz\u00e1ssal \u00e9rintett szem\u00e9lyes adatot kor\u00e1bban tov\u00e1bb\u00edtotta, \u00e9s akik k\u00f6telesek int\u00e9zkedni a tiltakoz\u00e1si jog \u00e9rv\u00e9nyes\u00edt\u00e9se \u00e9rdek\u00e9ben.<\/p>\n<p>\u200bHa az \u00e9rintett az Adatkezel\u0151 meghozott d\u00f6nt\u00e9s\u00e9vel nem \u00e9rt egyet, illetve ha az Adatkezel\u0151 a fenti hat\u00e1rid\u0151t elmulasztja, az \u00e9rintett &#8211; a d\u00f6nt\u00e9s k\u00f6zl\u00e9s\u00e9t\u0151l, illetve a hat\u00e1rid\u0151 utols\u00f3 napj\u00e1t\u00f3l sz\u00e1m\u00edtott 30 napon bel\u00fcl b\u00edr\u00f3s\u00e1ghoz fordulhat. Amennyiben az \u00e9rintett szem\u00e9lyes adatai kezel\u00e9se ellen tiltakozik, avagy b\u00edr\u00f3s\u00e1gi jogorvoslattal \u00e9l, tov\u00e1bb\u00e1 amennyiben harmadik szem\u00e9lyt\u0151l olyan adatk\u00f6zl\u00e9sre ir\u00e1nyul\u00f3 megkeres\u00e9s \u00e9rkezik, mely nem az \u00e9rintett hozz\u00e1j\u00e1rul\u00e1s\u00e1n alapul, \u00fagy a fentiek jogszer\u0171s\u00e9g\u00e9nek elb\u00edr\u00e1l\u00e1s\u00e1hoz sz\u00fcks\u00e9ges k\u00f6rben az adatok az Adatkezel\u0151 \u00e1ltal megb\u00edzott jogi k\u00e9pvisel\u0151k r\u00e9sz\u00e9re is kiadhat\u00f3k.<\/p>\n<ol start=\"5\">\n<li><strong> B\u00cdR\u00d3S\u00c1GI JOGORVOSLAT:<\/strong><\/li>\n<\/ol>\n<p>K\u00e9rj\u00fck a tisztelt Felhaszn\u00e1l\u00f3kat, hogy amennyiben \u00fagy \u00e9rzik, hogy az Adatkezel\u0151 megs\u00e9rtette a szem\u00e9lyes adatok v\u00e9delm\u00e9hez f\u0171z\u0151d\u0151 jogaikat, akkor vegy\u00e9k fel vel\u00fcnk a kapcsolatot, hogy az esetleges jogs\u00e9rt\u00e9st orvosolhassuk.<\/p>\n<p>T\u00e1j\u00e9koztatjuk a Felhaszn\u00e1l\u00f3kat tov\u00e1bb\u00e1, hogy az \u00e9rintett a jogainak megs\u00e9rt\u00e9se eset\u00e9n az Adatkezel\u0151 ellen b\u00edr\u00f3s\u00e1ghoz fordulhat. A b\u00edr\u00f3s\u00e1g az \u00fcgyben soron k\u00edv\u00fcl j\u00e1r el. A per elb\u00edr\u00e1l\u00e1sa a t\u00f6rv\u00e9nysz\u00e9k hat\u00e1sk\u00f6r\u00e9be tartozik. A per az adatkezel\u0151 sz\u00e9khelye szerinti, vagy az \u00e9rintett v\u00e1laszt\u00e1sa szerint az \u00e9rintett lak\u00f3helye vagy tart\u00f3zkod\u00e1si helye szerinti t\u00f6rv\u00e9nysz\u00e9k el\u0151tt is megind\u00edthat\u00f3. A perben f\u00e9l lehet az is, akinek egy\u00e9bk\u00e9nt nincs perbeli jogk\u00e9pess\u00e9ge.<\/p>\n<p>Ha az Adatkezel\u0151 az \u00e9rintett adatainak jogellenes kezel\u00e9s\u00e9vel vagy az adatbiztons\u00e1g k\u00f6vetelm\u00e9nyeinek megszeg\u00e9s\u00e9vel m\u00e1snak k\u00e1rt okoz, k\u00f6teles azt megt\u00e9r\u00edteni. Ha az Adatkezel\u0151 az \u00e9rintett adatainak jogellenes kezel\u00e9s\u00e9vel vagy az adatbiztons\u00e1g k\u00f6vetelm\u00e9nyeinek megszeg\u00e9s\u00e9vel az \u00e9rintett szem\u00e9lyis\u00e9gi jog\u00e1t megs\u00e9rti, az \u00e9rintett az Adatkezel\u0151t\u0151l s\u00e9relemd\u00edjat k\u00f6vetelhet. Az Adatkezel\u0151 mentes\u00fcl az okozott k\u00e1r\u00e9rt val\u00f3 felel\u0151ss\u00e9g \u00e9s a s\u00e9relemd\u00edj megfizet\u00e9s\u00e9nek k\u00f6telezetts\u00e9ge al\u00f3l, ha bizony\u00edtja, hogy a k\u00e1rt vagy az \u00e9rintett szem\u00e9lyis\u00e9gi jog\u00e1nak s\u00e9relm\u00e9t az adatkezel\u00e9s k\u00f6r\u00e9n k\u00edv\u00fcl es\u0151 elh\u00e1r\u00edthatatlan ok id\u00e9zte el\u0151. Nem kell megt\u00e9r\u00edteni a k\u00e1rt \u00e9s nem k\u00f6vetelhet\u0151 a s\u00e9relemd\u00edj annyiban, amennyiben a k\u00e1r a k\u00e1rosult vagy a szem\u00e9lyis\u00e9gi jog megs\u00e9rt\u00e9s\u00e9vel okozott jogs\u00e9relem az \u00e9rintett sz\u00e1nd\u00e9kos vagy s\u00falyosan gondatlan magatart\u00e1s\u00e1b\u00f3l sz\u00e1rmazott.<\/p>\n<p><strong>6 HAT\u00d3S\u00c1G ELJ\u00c1R\u00c1SA:<\/strong><\/p>\n<p>Az \u00e9rintett panasszal fordulhat, ill. t\u00e1j\u00e9koztat\u00e1st k\u00e9rhet a Hat\u00f3s\u00e1gt\u00f3l is:<\/p>\n<p>N\u00e9v: Nemzeti Adatv\u00e9delmi \u00e9s Inform\u00e1ci\u00f3s Hat\u00f3s\u00e1g<br \/>\nSz\u00e9khely: 1125 Budapest Szil\u00e1gyi Erzs\u00e9bet fasor 22\/c.<br \/>\nPostac\u00edm: 1530 Budapest, Pf.: 5.<br \/>\nEmail: <a href=\"mailto:ugyfelszolgalat@naih.hu\">ugyfelszolgalat@naih.hu<\/a><br \/>\nTelefon: +36 (1) 391-1400<br \/>\nFax: +36 (1) 391-1410<br \/>\nHonlap:\u00a0<a href=\"http:\/\/naih.hu\/\">http:\/\/naih.hu<\/a><\/p>\n\n\t\t<\/div>\n\t<\/div>\n<div class=\"vc_empty_space\"   style=\"height: 4em\"><span class=\"vc_empty_space_inner\"><\/span><\/div>\n\t<div class=\"wpb_text_column wpb_content_element\" >\n\t\t<div class=\"wpb_wrapper\">\n\t\t\t<p><strong>A cookie-k haszn\u00e1lat\u00e1val kapcsolatos t\u00e1j\u00e9koztat\u00e1s<\/strong><\/p>\n<p><strong>Mi az a cookie?<\/strong><\/p>\n<p>Az Adatkezel\u0151 a honlap l\u00e1togat\u00e1sa sor\u00e1n \u00fagynevezett cookie-kat (s\u00fctiket) haszn\u00e1l. A cookie bet\u0171b\u0151l \u00e9s sz\u00e1mokb\u00f3l \u00e1ll\u00f3 inform\u00e1ci\u00f3csomag, amit honlapunk az \u00d6n b\u00f6ng\u00e9sz\u0151j\u00e9nek k\u00fcld el azzal a c\u00e9llal, hogy elmentse bizonyos be\u00e1ll\u00edt\u00e1sait, megk\u00f6nny\u00edtse a honlapunk haszn\u00e1lat\u00e1t \u00e9s k\u00f6zrem\u0171k\u00f6dik abban, hogy n\u00e9h\u00e1ny relev\u00e1ns, statisztikai jelleg\u0171 inform\u00e1ci\u00f3t gy\u0171jts\u00fcnk a l\u00e1togat\u00f3inkr\u00f3l.<\/p>\n<p>A cookie-k (s\u00fctik) egy r\u00e9sze nem tartalmaz szem\u00e9lyes inform\u00e1ci\u00f3kat, \u00e9s nem alkalmas az egy\u00e9ni felhaszn\u00e1l\u00f3 azonos\u00edt\u00e1s\u00e1ra, egy r\u00e9sz\u00fck azonban olyan egy\u00e9ni azonos\u00edt\u00f3t tartalmaz \u2013 egy titkos, v\u00e9letlen\u00fcl gener\u00e1lt sz\u00e1msort \u2013 amelyet az \u00d6n eszk\u00f6ze t\u00e1rol, ezzel az \u00d6n azonos\u00edthat\u00f3s\u00e1g\u00e1t is biztos\u00edtja. Az egyes cookie-k (s\u00fctik) m\u0171k\u00f6d\u00e9si id\u0151tartam\u00e1t az egyes cookie-k (s\u00fctik) vonatkoz\u00f3 le\u00edr\u00e1sa tartalmazza.<\/p>\n<p><strong>A cookie-k adatkezel\u00e9s jogalapja<\/strong><\/p>\n<p>Az adatkezel\u00e9s jogalapja a Rendelet 6. cikk (1) bekezd\u00e9s a) pontja alapj\u00e1n az \u00d6n hozz\u00e1j\u00e1rul\u00e1sa.<\/p>\n<p><strong>A honlap \u00e1ltal haszn\u00e1lt cookie-k f\u0151bb jellemz\u0151i<\/strong><\/p>\n<p><strong>Google Adwords cookie:<\/strong>\u00a0Amikor valaki megl\u00e1togatja az oldalunkat, a l\u00e1togat\u00f3 cookie-azonos\u00edt\u00f3ja hozz\u00e1ad\u00f3dik a remarketinglist\u00e1hoz. A Google cookie-kat \u2013 p\u00e9ld\u00e1ul a NID \u00e9s SID cookie-kat \u2013 haszn\u00e1l a Google-term\u00e9kekben, \u00edgy p\u00e9ld\u00e1ul a Google Keres\u00e9sben l\u00e1that\u00f3 hirdet\u00e9sek testreszab\u00e1s\u00e1hoz. Az ilyen cookie-kat p\u00e9ld\u00e1ul arra haszn\u00e1lja, hogy megjegyezze az \u00d6n legut\u00f3bbi keres\u00e9seit, az egyes hirdet\u0151k hirdet\u00e9seivel vagy a keres\u00e9si eredm\u00e9nyekkel val\u00f3 kor\u00e1bbi interakci\u00f3it, tov\u00e1bb\u00e1 a hirdet\u0151k webhelyein tett l\u00e1togat\u00e1sait. Az AdWords konverzi\u00f3k\u00f6vet\u00e9s funkci\u00f3ja cookie-kat haszn\u00e1l. A hirdet\u00e9sb\u0151l ered\u0151 \u00e9rt\u00e9kes\u00edt\u00e9sek \u00e9s egy\u00e9b konverzi\u00f3k k\u00f6vet\u00e9s\u00e9re cookie-kat ment a felhaszn\u00e1l\u00f3 sz\u00e1m\u00edt\u00f3g\u00e9p\u00e9re, amikor az adott szem\u00e9ly egy hirdet\u00e9sre kattint. A cookie-k n\u00e9h\u00e1ny gyakori alkalmaz\u00e1si m\u00f3dja: a hirdet\u00e9sek kiv\u00e1laszt\u00e1sa annak alapj\u00e1n, hogy mi a relev\u00e1ns az adott felhaszn\u00e1l\u00f3 eset\u00e9n, a kamp\u00e1nyok teljes\u00edtm\u00e9ny\u00e9r\u0151l sz\u00f3l\u00f3 jelent\u00e9sek t\u00f6k\u00e9letes\u00edt\u00e9se, \u00e9s a felhaszn\u00e1l\u00f3 \u00e1ltal m\u00e1r megtekintett hirdet\u00e9sek megjelen\u00edt\u00e9s\u00e9nek elker\u00fcl\u00e9se.<\/p>\n<p><strong>Google Analytics cookie:<\/strong>\u00a0A Google Analytics a Google elemz\u0151 eszk\u00f6ze, amely abban seg\u00edt a weboldalak \u00e9s alkalmaz\u00e1sok tulajdonosainak, hogy pontosabb k\u00e9pet kapjanak l\u00e1togat\u00f3ik tev\u00e9kenys\u00e9geir\u0151l. A szolg\u00e1ltat\u00e1s cookie-kat haszn\u00e1lhat, hogy inform\u00e1ci\u00f3kat gy\u0171jts\u00f6n \u00e9s jelent\u00e9st k\u00e9sz\u00edtsen a weboldal haszn\u00e1lat\u00e1ra vonatkoz\u00f3 statisztikai adatokb\u00f3l an\u00e9lk\u00fcl, hogy egy\u00e9nileg azonos\u00edtan\u00e1 a l\u00e1togat\u00f3kat a Google sz\u00e1m\u00e1ra. A Google Analytics \u00e1ltal haszn\u00e1lt f\u0151 cookie a \u201e__ga\u201d cookie. A webhelyhaszn\u00e1lati statisztikai adatokb\u00f3l k\u00e9sz\u00fcl\u0151 jelent\u00e9sek mellett a Google Analytics \u2013 az el\u0151bbiekben ismertetett n\u00e9h\u00e1ny hirdet\u00e9si cookie-val egy\u00fctt \u2013 felhaszn\u00e1lhat\u00f3 arra is, hogy relev\u00e1nsabb hirdet\u00e9seket jelen\u00edts\u00fcnk meg a Google-term\u00e9kekben (p\u00e9ld\u00e1ul a Google Keres\u00e9sben) \u00e9s szerte az interneten.<\/p>\n<p><strong>Remarketing cookiek-k:<\/strong>\u00a0A kor\u00e1bbi l\u00e1togat\u00f3k vagy felhaszn\u00e1l\u00f3k sz\u00e1m\u00e1ra a Google Display H\u00e1l\u00f3zaton tal\u00e1lhat\u00f3 egy\u00e9b webhelyeken val\u00f3 b\u00f6ng\u00e9sz\u00e9s, illetve term\u00e9keivel vagy szolg\u00e1ltat\u00e1saival kapcsolatos kifejez\u00e9sek keres\u00e9sekor jelenhetnek meg.<\/p>\n<p><strong>A m\u0171k\u00f6d\u00e9shez szigor\u00faan sz\u00fcks\u00e9ges cookie-k:<\/strong>\u00a0Ezek a cookie-k a weboldal haszn\u00e1lat\u00e1hoz n\u00e9lk\u00fcl\u00f6zhetetlenek, \u00e9s lehet\u0151v\u00e9 teszik a weboldal alapvet\u0151 funkci\u00f3inak haszn\u00e1lat\u00e1t. Ezek hi\u00e1ny\u00e1ban az oldal sz\u00e1mos funkci\u00f3ja nem lesz el\u00e9rhet\u0151 az \u00d6n sz\u00e1m\u00e1ra. Ezen t\u00edpus\u00fa cookie-k \u00e9lettartama kiz\u00e1r\u00f3lag a munkamenet idej\u00e9re korl\u00e1toz\u00f3dik.<\/p>\n<p><strong>A felhaszn\u00e1l\u00f3i \u00e9lm\u00e9ny jav\u00edt\u00e1s\u00e1t szolg\u00e1l\u00f3 cookie-k:\u00a0<\/strong>Ezek a cookie-k inform\u00e1ci\u00f3kat gy\u0171jtenek a felhaszn\u00e1l\u00f3 weboldal haszn\u00e1lat\u00e1r\u00f3l, p\u00e9ld\u00e1ul, hogy mely oldalakat l\u00e1togatja leggyakrabban, vagy milyen hiba\u00fczenetet kap a weboldalr\u00f3l. Ezek a cookie-k nem gy\u0171jtenek a l\u00e1togat\u00f3t azonos\u00edt\u00f3 inform\u00e1ci\u00f3kat, vagyis teljesen \u00e1ltal\u00e1nos, n\u00e9vtelen inform\u00e1ci\u00f3kkal dolgoznak. Az ezekb\u0151l nyert adatokat a weboldal teljes\u00edtm\u00e9ny\u00e9nek jav\u00edt\u00e1s\u00e1ra haszn\u00e1ljuk. Ezen t\u00edpus\u00fa cookie-k \u00e9lettartama kiz\u00e1r\u00f3lag a munkamenet idej\u00e9re korl\u00e1toz\u00f3dik.<\/p>\n<p><strong>Mobil verzi\u00f3, design cookie:\u00a0<\/strong>\u00c9rz\u00e9keli a l\u00e1togat\u00f3 \u00e1ltal haszn\u00e1lt eszk\u00f6zt, \u00e9s mobilon \u00e1tv\u00e1lt teljes n\u00e9zetre. \u00c9lettartama 365 nap.<\/p>\n<p><strong>Cookie elfogad\u00e1s cookie:<\/strong>\u00a0Az oldalra \u00e9rkez\u00e9skor a figyelmeztet\u0151 ablakban elfogadja a cookie-k t\u00e1rol\u00e1s\u00e1r\u00f3l sz\u00f3l\u00f3 nyilatkozatot. \u00c9lettartama 365 nap.<\/p>\n<p><strong>Backend azonos\u00edt\u00f3 cookie:\u00a0<\/strong>Az oldalt kiszolg\u00e1l\u00f3 backend szerver azonos\u00edt\u00f3ja. \u00c9lettartama a b\u00f6ng\u00e9sz\u0151 bez\u00e1r\u00e1s\u00e1ig tart.<\/p>\n<p><strong>A cookie-k t\u00f6rl\u00e9se<\/strong><\/p>\n<p>A cookie-k t\u00f6rl\u00e9s\u00e9r\u0151l b\u0151vebb t\u00e1j\u00e9koztat\u00e1st az al\u00e1bbi linkeken tal\u00e1lhat:<\/p>\n<ul>\n<li>Internet Explorer:\u00a0<a href=\"http:\/\/windows.microsoft.com\/en-us\/internet-explorer\/delete-manage-cookies#ie=ie-11\">http:\/\/windows.microsoft.com\/en-us\/internet-explorer\/delete-manage-cookies#ie=ie-11<\/a><\/li>\n<li>Mozilla Firefox:\u00a0<a href=\"https:\/\/support.mozilla.org\/hu\/kb\/weboldalak-altal-elhelyezett-sutik-torlese-szamito\">https:\/\/support.mozilla.org\/hu\/kb\/weboldalak-altal-elhelyezett-sutik-torlese-szamito<\/a><\/li>\n<li>Safari:\u00a0<a href=\"https:\/\/support.apple.com\/hu-hu\/HT201265\">https:\/\/support.apple.com\/hu-hu\/HT201265<\/a><\/li>\n<li>Chrome:\u00a0<a href=\"https:\/\/support.google.com\/chrome\/answer\/95647\">https:\/\/support.google.com\/chrome\/answer\/95647<\/a><\/li>\n<\/ul>\n\n\t\t<\/div>\n\t<\/div>\n<\/div><\/div><\/div><\/div>\n<\/section>","protected":false},"excerpt":{"rendered":"Jelen Adatkezel\u00e9si Nyilatkozat c\u00e9lja, hogy a weboldal felhaszn\u00e1l\u00f3i \u00e1ltal, az oldal haszn\u00e1lata sor\u00e1n megadott \u00e9s a weboldal \u00fczemeltet\u0151i (Sz\u00f3-K\u00e9p Nyomdaipari Kft.) sz\u00e1m\u00e1ra kezelt szem\u00e9lyes adatok \u00e9s egy\u00e9b adatok kezel\u00e9s\u00e9re vonatkoz\u00f3 elveket \u00e9s szab\u00e1lyokat meghat\u00e1rozza. \u200bA jelen adatkezel\u00e9si szab\u00e1lyzat a szokepnyomda.hu weboldalon a l\u00e1togat\u00f3k \u00e1ltal \u00f6nk\u00e9ntes hozz\u00e1j\u00e1rul\u00e1ssal megadott, \u00e1raj\u00e1nlatk\u00e9r\u00e9shez sz\u00fcks\u00e9ges kapcsolat felv\u00e9teli adatokat jelenti. A szem\u00e9lyes adatok kezel\u00e9s\u00e9t az al\u00e1bbi alapelvek&hellip;","protected":false},"author":1,"featured_media":0,"parent":0,"menu_order":0,"comment_status":"closed","ping_status":"closed","template":"","meta":{"footnotes":""},"class_list":["post-819","page","type-page","status-publish","hentry"],"yoast_head":"<!-- This site is optimized with the Yoast SEO plugin v20.10 - https:\/\/yoast.com\/wordpress\/plugins\/seo\/ -->\n<title>Adatkezel\u00e9si t\u00e1j\u00e9koztat\u00f3 - Sz\u00f3k\u00e9p Nyomda<\/title>\n<meta name=\"robots\" content=\"index, follow, max-snippet:-1, max-image-preview:large, max-video-preview:-1\" \/>\n<link rel=\"canonical\" href=\"https:\/\/szokepnyomda.hu\/en\/adatkezelesi-tajekoztato\/\" \/>\n<meta property=\"og:locale\" content=\"en_GB\" \/>\n<meta property=\"og:type\" content=\"article\" \/>\n<meta property=\"og:title\" content=\"Adatkezel\u00e9si t\u00e1j\u00e9koztat\u00f3 - Sz\u00f3k\u00e9p Nyomda\" \/>\n<meta property=\"og:url\" content=\"https:\/\/szokepnyomda.hu\/en\/adatkezelesi-tajekoztato\/\" \/>\n<meta property=\"og:site_name\" content=\"Sz\u00f3k\u00e9p Nyomda\" \/>\n<meta property=\"article:modified_time\" content=\"2021-12-20T09:04:47+00:00\" \/>\n<meta name=\"twitter:card\" content=\"summary_large_image\" \/>\n<meta name=\"twitter:label1\" content=\"Estimated reading time\" \/>\n\t<meta name=\"twitter:data1\" content=\"7 minutes\" \/>\n<script type=\"application\/ld+json\" class=\"yoast-schema-graph\">{\"@context\":\"https:\/\/schema.org\",\"@graph\":[{\"@type\":\"WebPage\",\"@id\":\"https:\/\/szokepnyomda.hu\/adatkezelesi-tajekoztato\/\",\"url\":\"https:\/\/szokepnyomda.hu\/adatkezelesi-tajekoztato\/\",\"name\":\"Adatkezel\u00e9si t\u00e1j\u00e9koztat\u00f3 - Sz\u00f3k\u00e9p Nyomda\",\"isPartOf\":{\"@id\":\"https:\/\/szokepnyomda.hu\/#website\"},\"datePublished\":\"2018-08-01T10:45:05+00:00\",\"dateModified\":\"2021-12-20T09:04:47+00:00\",\"breadcrumb\":{\"@id\":\"https:\/\/szokepnyomda.hu\/adatkezelesi-tajekoztato\/#breadcrumb\"},\"inLanguage\":\"en-GB\",\"potentialAction\":[{\"@type\":\"ReadAction\",\"target\":[\"https:\/\/szokepnyomda.hu\/adatkezelesi-tajekoztato\/\"]}]},{\"@type\":\"BreadcrumbList\",\"@id\":\"https:\/\/szokepnyomda.hu\/adatkezelesi-tajekoztato\/#breadcrumb\",\"itemListElement\":[{\"@type\":\"ListItem\",\"position\":1,\"name\":\"Kezd\u0151lap\",\"item\":\"https:\/\/szokepnyomda.hu\/\"},{\"@type\":\"ListItem\",\"position\":2,\"name\":\"Adatkezel\u00e9si t\u00e1j\u00e9koztat\u00f3\"}]},{\"@type\":\"WebSite\",\"@id\":\"https:\/\/szokepnyomda.hu\/#website\",\"url\":\"https:\/\/szokepnyomda.hu\/\",\"name\":\"Sz\u00f3k\u00e9p Nyomda\",\"description\":\"OFSZET \u00c9S DIGIT\u00c1LIS NYOMDA BUDAPEST\",\"potentialAction\":[{\"@type\":\"SearchAction\",\"target\":{\"@type\":\"EntryPoint\",\"urlTemplate\":\"https:\/\/szokepnyomda.hu\/?s={search_term_string}\"},\"query-input\":\"required name=search_term_string\"}],\"inLanguage\":\"en-GB\"}]}<\/script>\n<!-- \/ Yoast SEO plugin. -->","yoast_head_json":{"title":"Adatkezel\u00e9si t\u00e1j\u00e9koztat\u00f3 - Sz\u00f3k\u00e9p Nyomda","robots":{"index":"index","follow":"follow","max-snippet":"max-snippet:-1","max-image-preview":"max-image-preview:large","max-video-preview":"max-video-preview:-1"},"canonical":"https:\/\/szokepnyomda.hu\/en\/adatkezelesi-tajekoztato\/","og_locale":"en_GB","og_type":"article","og_title":"Adatkezel\u00e9si t\u00e1j\u00e9koztat\u00f3 - Sz\u00f3k\u00e9p Nyomda","og_url":"https:\/\/szokepnyomda.hu\/en\/adatkezelesi-tajekoztato\/","og_site_name":"Sz\u00f3k\u00e9p Nyomda","article_modified_time":"2021-12-20T09:04:47+00:00","twitter_card":"summary_large_image","twitter_misc":{"Estimated reading time":"7 minutes"},"schema":{"@context":"https:\/\/schema.org","@graph":[{"@type":"WebPage","@id":"https:\/\/szokepnyomda.hu\/adatkezelesi-tajekoztato\/","url":"https:\/\/szokepnyomda.hu\/adatkezelesi-tajekoztato\/","name":"Adatkezel\u00e9si t\u00e1j\u00e9koztat\u00f3 - Sz\u00f3k\u00e9p Nyomda","isPartOf":{"@id":"https:\/\/szokepnyomda.hu\/#website"},"datePublished":"2018-08-01T10:45:05+00:00","dateModified":"2021-12-20T09:04:47+00:00","breadcrumb":{"@id":"https:\/\/szokepnyomda.hu\/adatkezelesi-tajekoztato\/#breadcrumb"},"inLanguage":"en-GB","potentialAction":[{"@type":"ReadAction","target":["https:\/\/szokepnyomda.hu\/adatkezelesi-tajekoztato\/"]}]},{"@type":"BreadcrumbList","@id":"https:\/\/szokepnyomda.hu\/adatkezelesi-tajekoztato\/#breadcrumb","itemListElement":[{"@type":"ListItem","position":1,"name":"Kezd\u0151lap","item":"https:\/\/szokepnyomda.hu\/"},{"@type":"ListItem","position":2,"name":"Adatkezel\u00e9si t\u00e1j\u00e9koztat\u00f3"}]},{"@type":"WebSite","@id":"https:\/\/szokepnyomda.hu\/#website","url":"https:\/\/szokepnyomda.hu\/","name":"Sz\u00f3k\u00e9p Nyomda","description":"OFSZET \u00c9S DIGIT\u00c1LIS NYOMDA BUDAPEST","potentialAction":[{"@type":"SearchAction","target":{"@type":"EntryPoint","urlTemplate":"https:\/\/szokepnyomda.hu\/?s={search_term_string}"},"query-input":"required name=search_term_string"}],"inLanguage":"en-GB"}]}},"_links":{"self":[{"href":"https:\/\/szokepnyomda.hu\/en\/wp-json\/wp\/v2\/pages\/819","targetHints":{"allow":["GET"]}}],"collection":[{"href":"https:\/\/szokepnyomda.hu\/en\/wp-json\/wp\/v2\/pages"}],"about":[{"href":"https:\/\/szokepnyomda.hu\/en\/wp-json\/wp\/v2\/types\/page"}],"author":[{"embeddable":true,"href":"https:\/\/szokepnyomda.hu\/en\/wp-json\/wp\/v2\/users\/1"}],"replies":[{"embeddable":true,"href":"https:\/\/szokepnyomda.hu\/en\/wp-json\/wp\/v2\/comments?post=819"}],"version-history":[{"count":7,"href":"https:\/\/szokepnyomda.hu\/en\/wp-json\/wp\/v2\/pages\/819\/revisions"}],"predecessor-version":[{"id":2232,"href":"https:\/\/szokepnyomda.hu\/en\/wp-json\/wp\/v2\/pages\/819\/revisions\/2232"}],"wp:attachment":[{"href":"https:\/\/szokepnyomda.hu\/en\/wp-json\/wp\/v2\/media?parent=819"}],"curies":[{"name":"wp","href":"https:\/\/api.w.org\/{rel}","templated":true}]}}